{"id":622,"date":"2020-12-06T08:22:19","date_gmt":"2020-12-06T08:22:19","guid":{"rendered":"http:\/\/rejowiec.diecezja.lublin.pl\/?page_id=622"},"modified":"2020-12-06T08:22:20","modified_gmt":"2020-12-06T08:22:20","slug":"rekolekcje-adwentowe","status":"publish","type":"page","link":"https:\/\/rejowiec.diecezja.lublin.pl\/?page_id=622","title":{"rendered":"Rekolekcje Adwentowe"},"content":{"rendered":"\n<p class=\"has-normal-font-size\">Tegoroczne rekolekcje adwentowe b\u0119d\u0105 przeprowadzone w innej ni\u017c dotychczas formie.<br>Od poniedzia\u0142ku do pi\u0105tku (14-18 XII), od rannej mszy \u015bw. do wieczorowej, trwa\u0107 b\u0119dzie w naszym ko\u015bciele Adoracja Naj\u015bwi\u0119tszego Sakramentu. <br>Dodatkowo w czwartek i pi\u0105tek ko\u015bci\u00f3\u0142 b\u0119dzie otwarty do godziny 20.00.<br>Nie b\u0119dziemy mie\u0107, bo nie mo\u017cemy, wsp\u00f3lnych nabo\u017ce\u0144stw i nauk rekolekcjonisty. Rekolekcyjne spotkania b\u0119dziemy musieli prze\u017cy\u0107 indywidualnie i samodzielnie.<br>Zapraszamy, by w tym dniach, w ramach rekolekcji, trzykrotnie nawiedzi\u0107, w dowolnej porze, nasz ko\u015bci\u00f3\u0142 na dwa-trzy kwadranse refleksji i modlitwy. Na stoliku za \u0142awkami znajdowa\u0107 si\u0119 b\u0119d\u0105 kartki, kt\u00f3re stanowi\u0107 b\u0119d\u0105 instrukcj\u0119 na poszczeg\u00f3lne dni tych indywidualnych rekolekcji. Kartka na ka\u017cdy dzie\u0144 zawiera\u0107 b\u0119dzie biblijny fragment, komentarz do niego, zaprasza\u0107 b\u0119dzie do samodzielnej refleksji, postanowie\u0144 i modlitwy. Warto wzi\u0105\u0107 ze sob\u0105 sw\u00f3j egzemplarz Pisma \u015awi\u0119tego i je\u015bli potrzeba to okulary.<br>Kartka \u2013 instrukcja poprowadzi przez poszczeg\u00f3lne punkty spotkania. Nie chodzi o zwyk\u0142e przeczytanie, ale zrozumienie i osobist\u0105 refleksj\u0119, dla kt\u00f3rej kartka stanowi\u0107 ma jedynie punkt wyj\u015bcia. Ka\u017cdy ma swoje tempo modlitwy i refleksji \u2013 jedni przeznacz\u0105 na ka\u017cde spotkanie p\u00f3\u0142 godziny, inni godzin\u0119.<br>Po prze\u017cyciu swojego spotkania we\u017amy kartk\u0119 do domu, do jej tre\u015bci mo\u017cemy wr\u00f3ci\u0107 jeszcze p\u00f3\u017aniej.<br>Postaramy si\u0119, by w ko\u015bciele by\u0142o jasno.<br>P\u00f3\u0142 godziny przed wieczorn\u0105 Msz\u0105 \u015awi\u0119t\u0105 znajdziemy w konfesjonale ksi\u0119dza. B\u0119dzie si\u0119 te\u017c mo\u017cna wyspowiada\u0107 po Mszy \u015awi\u0119tej.<br>W sobot\u0119 19 XII tak\u017ce przez ca\u0142y dzie\u0144 trwa\u0107 b\u0119dzie adoracja Naj\u015bwi\u0119tszego Sakramentu. O ka\u017cdej pe\u0142nej godzinie znajdziemy w konfesjonale ksi\u0119dza, kt\u00f3ry b\u0119dzie spowiada\u0142 przez kwadrans lub do ostatniego penitenta.<\/p>\n","protected":false},"excerpt":{"rendered":"<p>Tegoroczne rekolekcje adwentowe b\u0119d\u0105 przeprowadzone w innej ni\u017c dotychczas formie.Od poniedzia\u0142ku do pi\u0105tku (14-18 XII), od rannej mszy \u015bw. do wieczorowej, trwa\u0107 b\u0119dzie w naszym&hellip;<\/p>\n","protected":false},"author":1,"featured_media":0,"parent":0,"menu_order":0,"comment_status":"closed","ping_status":"closed","template":"","meta":{"footnotes":""},"class_list":["post-622","page","type-page","status-publish","hentry"],"_links":{"self":[{"href":"https:\/\/rejowiec.diecezja.lublin.pl\/index.php?rest_route=\/wp\/v2\/pages\/622","targetHints":{"allow":["GET"]}}],"collection":[{"href":"https:\/\/rejowiec.diecezja.lublin.pl\/index.php?rest_route=\/wp\/v2\/pages"}],"about":[{"href":"https:\/\/rejowiec.diecezja.lublin.pl\/index.php?rest_route=\/wp\/v2\/types\/page"}],"author":[{"embeddable":true,"href":"https:\/\/rejowiec.diecezja.lublin.pl\/index.php?rest_route=\/wp\/v2\/users\/1"}],"replies":[{"embeddable":true,"href":"https:\/\/rejowiec.diecezja.lublin.pl\/index.php?rest_route=%2Fwp%2Fv2%2Fcomments&post=622"}],"version-history":[{"count":1,"href":"https:\/\/rejowiec.diecezja.lublin.pl\/index.php?rest_route=\/wp\/v2\/pages\/622\/revisions"}],"predecessor-version":[{"id":623,"href":"https:\/\/rejowiec.diecezja.lublin.pl\/index.php?rest_route=\/wp\/v2\/pages\/622\/revisions\/623"}],"wp:attachment":[{"href":"https:\/\/rejowiec.diecezja.lublin.pl\/index.php?rest_route=%2Fwp%2Fv2%2Fmedia&parent=622"}],"curies":[{"name":"wp","href":"https:\/\/api.w.org\/{rel}","templated":true}]}}